{"id":529,"date":"2022-04-07T16:34:05","date_gmt":"2022-04-07T14:34:05","guid":{"rendered":"https:\/\/caserfri.com\/la-rioja\/"},"modified":"2022-09-20T17:37:11","modified_gmt":"2022-09-20T15:37:11","slug":"la-rioja","status":"publish","type":"page","link":"https:\/\/caserfri.com\/pt-pt\/la-rioja\/","title":{"rendered":"LA RIOJA"},"content":{"rendered":"\t\t<div data-elementor-type=\"wp-page\" data-elementor-id=\"529\" class=\"elementor elementor-529 elementor-329\">\n\t\t\t\t\t\t\t\t\t<section class=\"elementor-section elementor-top-section elementor-element elementor-element-d6ee221 elementor-section-full_width elementor-section-content-middle elementor-section-stretched elementor-section-height-default elementor-section-height-default\" data-id=\"d6ee221\" data-element_type=\"section\" data-settings=\"{&quot;stretch_section&quot;:&quot;section-stretched&quot;}\">\n\t\t\t\t\t\t<div class=\"elementor-container elementor-column-gap-no\">\n\t\t\t\t\t<div class=\"elementor-column elementor-col-50 elementor-top-column elementor-element elementor-element-119853a\" data-id=\"119853a\" data-element_type=\"column\" data-settings=\"{&quot;background_background&quot;:&quot;classic&quot;}\">\n\t\t\t<div class=\"elementor-widget-wrap elementor-element-populated\">\n\t\t\t\t\t\t\t\t<div class=\"elementor-element elementor-element-c76ae4e elementor-widget elementor-widget-spacer\" data-id=\"c76ae4e\" data-element_type=\"widget\" data-widget_type=\"spacer.default\">\n\t\t\t\t<div class=\"elementor-widget-container\">\n\t\t\t\t\t<div class=\"elementor-spacer\">\n\t\t\t<div class=\"elementor-spacer-inner\"><\/div>\n\t\t<\/div>\n\t\t\t\t<\/div>\n\t\t\t\t<\/div>\n\t\t\t\t\t<\/div>\n\t\t<\/div>\n\t\t\t\t<div class=\"elementor-column elementor-col-50 elementor-top-column elementor-element elementor-element-fe75747\" data-id=\"fe75747\" data-element_type=\"column\" data-settings=\"{&quot;background_background&quot;:&quot;classic&quot;}\">\n\t\t\t<div class=\"elementor-widget-wrap elementor-element-populated\">\n\t\t\t\t\t\t\t\t<div class=\"elementor-element elementor-element-8e78f41 elementor-widget elementor-widget-heading\" data-id=\"8e78f41\" data-element_type=\"widget\" data-widget_type=\"heading.default\">\n\t\t\t\t<div class=\"elementor-widget-container\">\n\t\t\t<h2 class=\"elementor-heading-title elementor-size-default\">LA RIOJA<\/h2>\t\t<\/div>\n\t\t\t\t<\/div>\n\t\t\t\t<div class=\"elementor-element elementor-element-5c337cf elementor-widget elementor-widget-text-editor\" data-id=\"5c337cf\" data-element_type=\"widget\" data-widget_type=\"text-editor.default\">\n\t\t\t\t<div class=\"elementor-widget-container\">\n\t\t\t\t\t\t\t<p><span style=\"color: #ff9900;\"><strong>DELEGA\u00c7\u00c3O<\/strong><\/span><\/p>\n<p><em>Pol. Ind. El Arcilar, Parcela N\u00ba 1 El Villar de Arnedo (La Rioja) &#8211; 26511<\/em><\/p>\n\t\t\t\t\t\t<\/div>\n\t\t\t\t<\/div>\n\t\t\t\t<div class=\"elementor-element elementor-element-c790845 elementor-icon-list--layout-traditional elementor-list-item-link-full_width elementor-widget elementor-widget-icon-list\" data-id=\"c790845\" data-element_type=\"widget\" data-widget_type=\"icon-list.default\">\n\t\t\t\t<div class=\"elementor-widget-container\">\n\t\t\t\t\t<ul class=\"elementor-icon-list-items\">\n\t\t\t\t\t\t\t<li class=\"elementor-icon-list-item\">\n\t\t\t\t\t\t\t\t\t\t\t<span class=\"elementor-icon-list-icon\">\n\t\t\t\t\t\t\t<i aria-hidden=\"true\" class=\"fas fa-phone-alt\"><\/i>\t\t\t\t\t\t<\/span>\n\t\t\t\t\t\t\t\t\t\t<span class=\"elementor-icon-list-text\">941 159 100<\/span>\n\t\t\t\t\t\t\t\t\t<\/li>\n\t\t\t\t\t\t\t\t<li class=\"elementor-icon-list-item\">\n\t\t\t\t\t\t\t\t\t\t\t<span class=\"elementor-icon-list-icon\">\n\t\t\t\t\t\t\t<i aria-hidden=\"true\" class=\"fas fa-envelope-open-text\"><\/i>\t\t\t\t\t\t<\/span>\n\t\t\t\t\t\t\t\t\t\t<span class=\"elementor-icon-list-text\">larioja@caserfri.com<\/span>\n\t\t\t\t\t\t\t\t\t<\/li>\n\t\t\t\t\t\t<\/ul>\n\t\t\t\t<\/div>\n\t\t\t\t<\/div>\n\t\t\t\t<div class=\"elementor-element elementor-element-c360ca7 elementor-widget elementor-widget-heading\" data-id=\"c360ca7\" data-element_type=\"widget\" data-widget_type=\"heading.default\">\n\t\t\t\t<div class=\"elementor-widget-container\">\n\t\t\t<h2 class=\"elementor-heading-title elementor-size-default\">Instala\u00e7\u00f5es<\/h2>\t\t<\/div>\n\t\t\t\t<\/div>\n\t\t\t\t<div class=\"elementor-element elementor-element-59b013b elementor-widget elementor-widget-text-editor\" data-id=\"59b013b\" data-element_type=\"widget\" data-widget_type=\"text-editor.default\">\n\t\t\t\t<div class=\"elementor-widget-container\">\n\t\t\t\t\t\t\t<ul>\n<li>5 c\u00e2meras com um total de 135.000 m3 (35.000 paletes).<\/li>\n<li>1 t\u00fanel de congelamento, com capacidade para 30 toneladas (670 metros c\u00fabicos).<\/li>\n<\/ul>\n\t\t\t\t\t\t<\/div>\n\t\t\t\t<\/div>\n\t\t\t\t<div class=\"elementor-element elementor-element-352d3e4 elementor-widget elementor-widget-heading\" data-id=\"352d3e4\" data-element_type=\"widget\" data-widget_type=\"heading.default\">\n\t\t\t\t<div class=\"elementor-widget-container\">\n\t\t\t<h2 class=\"elementor-heading-title elementor-size-default\">M\u00eddia e servi\u00e7os<\/h2>\t\t<\/div>\n\t\t\t\t<\/div>\n\t\t\t\t<div class=\"elementor-element elementor-element-c97770f elementor-widget elementor-widget-text-editor\" data-id=\"c97770f\" data-element_type=\"widget\" data-widget_type=\"text-editor.default\">\n\t\t\t\t<div class=\"elementor-widget-container\">\n\t\t\t\t\t\t\t<ul>\n<li>Realiza\u00e7\u00e3o de consultas de a\u00e7\u00f5es na Web pelos clientes.<\/li>\n<li>Servi\u00e7o de manuseamento (picking, reetiquetagem, repaletiza\u00e7\u00e3o, cross-docking&#8230;), gest\u00e3o de solu\u00e7\u00f5es log\u00edsticas.<\/li>\n<\/ul>\n\t\t\t\t\t\t<\/div>\n\t\t\t\t<\/div>\n\t\t\t\t<div class=\"elementor-element elementor-element-360057d elementor-widget elementor-widget-heading\" data-id=\"360057d\" data-element_type=\"widget\" data-widget_type=\"heading.default\">\n\t\t\t\t<div class=\"elementor-widget-container\">\n\t\t\t<h2 class=\"elementor-heading-title elementor-size-default\">Localiza\u00e7\u00e3o<\/h2>\t\t<\/div>\n\t\t\t\t<\/div>\n\t\t\t\t<div class=\"elementor-element elementor-element-18f5992 elementor-widget elementor-widget-text-editor\" data-id=\"18f5992\" data-element_type=\"widget\" data-widget_type=\"text-editor.default\">\n\t\t\t\t<div class=\"elementor-widget-container\">\n\t\t\t\t\t\t\t<ul>\n<li>Localizado em Villar de Arnedo com acesso directo \u00e0 AP-68.<\/li>\n<\/ul>\n\t\t\t\t\t\t<\/div>\n\t\t\t\t<\/div>\n\t\t\t\t<div class=\"elementor-element elementor-element-f617f4f elementor-widget elementor-widget-heading\" data-id=\"f617f4f\" data-element_type=\"widget\" data-widget_type=\"heading.default\">\n\t\t\t\t<div class=\"elementor-widget-container\">\n\t\t\t<h2 class=\"elementor-heading-title elementor-size-default\">Certificados<\/h2>\t\t<\/div>\n\t\t\t\t<\/div>\n\t\t\t\t<div class=\"elementor-element elementor-element-0e03715 elementor-widget elementor-widget-text-editor\" data-id=\"0e03715\" data-element_type=\"widget\" data-widget_type=\"text-editor.default\">\n\t\t\t\t<div class=\"elementor-widget-container\">\n\t\t\t\t\t\t\t<ul>\n<li>Autoriza\u00e7\u00e3o para armazenamento de produto ecol\u00f3gico.<\/li>\n<li>Certificado do sistema auditado de autocontrole espec\u00edfico (SAE), n\u00edvel 3, para carnes e produtos c\u00e1rneos, com inclus\u00e3o na lista de autoriza\u00e7\u00f5es para su\u00ednos no Jap\u00e3o.<\/li>\n<li>Certificado do sistema de qualidade, de acordo com a ISO 9001:2015.<\/li>\n<li>Implementa\u00e7\u00e3o em processo do IFS Logistics v 2.3<\/li>\n<\/ul>\n\t\t\t\t\t\t<\/div>\n\t\t\t\t<\/div>\n\t\t\t\t<div class=\"elementor-element elementor-element-1e49b33 elementor-widget__width-auto elementor-widget elementor-widget-the7_button_widget\" data-id=\"1e49b33\" data-element_type=\"widget\" data-widget_type=\"the7_button_widget.default\">\n\t\t\t\t<div class=\"elementor-widget-container\">\n\t\t\t<div class=\"elementor-button-wrapper\"><a href=\"https:\/\/caserfri.com\/#delegaciones\" class=\"box-button elementor-button elementor-size-md\">Retornar<i aria-hidden=\"true\" class=\"elementor-button-icon  dt-icon-the7-arrow-531\"><\/i><\/a><\/div>\t\t<\/div>\n\t\t\t\t<\/div>\n\t\t\t\t<div class=\"elementor-element elementor-element-c2423be elementor-widget__width-auto elementor-widget elementor-widget-the7_button_widget\" data-id=\"c2423be\" data-element_type=\"widget\" data-widget_type=\"the7_button_widget.default\">\n\t\t\t\t<div class=\"elementor-widget-container\">\n\t\t\t<div class=\"elementor-button-wrapper\"><a href=\"https:\/\/caserfri.com\/wp-content\/uploads\/2022\/09\/FichaRioja.pdf\" target=\"_blank\" class=\"box-button elementor-button elementor-size-md\">Baixar ficha t\u00e9cnica<i aria-hidden=\"true\" class=\"elementor-button-icon  dt-icon-the7-arrow-531\"><\/i><\/a><\/div>\t\t<\/div>\n\t\t\t\t<\/div>\n\t\t\t\t\t<\/div>\n\t\t<\/div>\n\t\t\t\t\t\t\t<\/div>\n\t\t<\/section>\n\t\t\t\t\t\t\t<\/div>\n\t\t","protected":false},"excerpt":{"rendered":"<p>LA RIOJA DELEGA\u00c7\u00c3O Pol. Ind. El Arcilar, Parcela N\u00ba 1 El Villar de Arnedo (La Rioja) &#8211; 26511 941 159 100 larioja@caserfri.com Instala\u00e7\u00f5es 5 c\u00e2meras com um total de 135.000 m3 (35.000 paletes). 1 t\u00fanel de congelamento, com capacidade para 30 toneladas (670 metros c\u00fabicos). M\u00eddia e servi\u00e7os Realiza\u00e7\u00e3o de consultas de a\u00e7\u00f5es na Web&hellip;<\/p>\n","protected":false},"author":1,"featured_media":0,"parent":0,"menu_order":0,"comment_status":"closed","ping_status":"closed","template":"","meta":[],"_links":{"self":[{"href":"https:\/\/caserfri.com\/pt-pt\/wp-json\/wp\/v2\/pages\/529"}],"collection":[{"href":"https:\/\/caserfri.com\/pt-pt\/wp-json\/wp\/v2\/pages"}],"about":[{"href":"https:\/\/caserfri.com\/pt-pt\/wp-json\/wp\/v2\/types\/page"}],"author":[{"embeddable":true,"href":"https:\/\/caserfri.com\/pt-pt\/wp-json\/wp\/v2\/users\/1"}],"replies":[{"embeddable":true,"href":"https:\/\/caserfri.com\/pt-pt\/wp-json\/wp\/v2\/comments?post=529"}],"version-history":[{"count":5,"href":"https:\/\/caserfri.com\/pt-pt\/wp-json\/wp\/v2\/pages\/529\/revisions"}],"predecessor-version":[{"id":561,"href":"https:\/\/caserfri.com\/pt-pt\/wp-json\/wp\/v2\/pages\/529\/revisions\/561"}],"wp:attachment":[{"href":"https:\/\/caserfri.com\/pt-pt\/wp-json\/wp\/v2\/media?parent=529"}],"curies":[{"name":"wp","href":"https:\/\/api.w.org\/{rel}","templated":true}]}}